{"id":141,"date":"2017-07-06T13:26:04","date_gmt":"2017-07-06T13:26:04","guid":{"rendered":"http:\/\/trauer-am-berg.de\/?page_id=141"},"modified":"2026-01-19T17:54:21","modified_gmt":"2026-01-19T17:54:21","slug":"mit-gottes-segen-in-ein-neues-jahr","status":"publish","type":"page","link":"https:\/\/www.trauer-am-berg.de\/?page_id=141","title":{"rendered":"Mit Gottes Segen in ein neues Jahr"},"content":{"rendered":"<p>Der Segen Gottes soll Menschen, die trauern, Kraft spenden f\u00fcr das neue Jahr.<\/p>\n<p>Beginn ist am Oberen Haus, wir feiern zusammen Gottesdienst in der Basilika, anschlie\u00dfend essen wir zu Mittag. Danach wird Gelegenheit sein zum Gespr\u00e4ch und Austausch, ein Spaziergang im Freien, Kaffee, Tee und Kuchen. Zum Abschluss kommen wir f\u00fcr eine Segensfeier wieder in die Basilika.<\/p>\n<p><img loading=\"lazy\" decoding=\"async\" class=\"wp-image-1557 aligncenter\" src=\"https:\/\/www.trauer-am-berg.de\/wp-content\/uploads\/2023\/01\/DSC_7128-300x201.jpg\" alt=\"\" width=\"316\" height=\"212\" srcset=\"https:\/\/www.trauer-am-berg.de\/wp-content\/uploads\/2023\/01\/DSC_7128-300x201.jpg 300w, https:\/\/www.trauer-am-berg.de\/wp-content\/uploads\/2023\/01\/DSC_7128-768x514.jpg 768w, https:\/\/www.trauer-am-berg.de\/wp-content\/uploads\/2023\/01\/DSC_7128-1024x685.jpg 1024w\" sizes=\"(max-width: 316px) 100vw, 316px\" \/><\/p>\n<p>Wann:\u00a0 \u00a0 Januar 2027<br \/>\nvon 10.00 bis ca. 16.30 Uhr<\/p>\n<p>Wo: Haus Petersberg, Beginn im Oberen Haus<\/p>\n<p>Leitung:<br \/>\nWalter Hechenberger, Pastoralreferent<br \/>\nEhrenamtliche Mitarbeiter*innen in der Trauerseelsorge<\/p>\n<p>Seminargeb\u00fchr: 10 \u20ac,<br \/>\nVerpflegung inkl. Mittagessen und Kaffee und Kuchen: 25 \u20ac<\/p>\n<p>Anmeldung beim Dachauer Forum unter 08131-99688-0, oder per mail info(at)Dachauer-Forum.de oder ab Sommer 2026 direkt hier<\/p>\n","protected":false},"excerpt":{"rendered":"<p>Der Segen Gottes soll Menschen, die trauern, Kraft spenden f\u00fcr das neue Jahr. Beginn ist am Oberen Haus, wir feiern zusammen Gottesdienst in der Basilika, anschlie\u00dfend essen wir zu Mittag. Danach wird Gelegenheit sein zum Gespr\u00e4ch und Austausch, ein Spaziergang im Freien, Kaffee, Tee und Kuchen. Zum Abschluss kommen wir f\u00fcr eine Segensfeier wieder in &hellip; <a href=\"https:\/\/www.trauer-am-berg.de\/?page_id=141\" class=\"more-link\"><span class=\"screen-reader-text\">Mit Gottes Segen in ein neues Jahr<\/span> weiterlesen<\/a><\/p>\n","protected":false},"author":1,"featured_media":0,"parent":0,"menu_order":0,"comment_status":"closed","ping_status":"closed","template":"","meta":{"footnotes":""},"_links":{"self":[{"href":"https:\/\/www.trauer-am-berg.de\/index.php?rest_route=\/wp\/v2\/pages\/141"}],"collection":[{"href":"https:\/\/www.trauer-am-berg.de\/index.php?rest_route=\/wp\/v2\/pages"}],"about":[{"href":"https:\/\/www.trauer-am-berg.de\/index.php?rest_route=\/wp\/v2\/types\/page"}],"author":[{"embeddable":true,"href":"https:\/\/www.trauer-am-berg.de\/index.php?rest_route=\/wp\/v2\/users\/1"}],"replies":[{"embeddable":true,"href":"https:\/\/www.trauer-am-berg.de\/index.php?rest_route=%2Fwp%2Fv2%2Fcomments&post=141"}],"version-history":[{"count":51,"href":"https:\/\/www.trauer-am-berg.de\/index.php?rest_route=\/wp\/v2\/pages\/141\/revisions"}],"predecessor-version":[{"id":2251,"href":"https:\/\/www.trauer-am-berg.de\/index.php?rest_route=\/wp\/v2\/pages\/141\/revisions\/2251"}],"wp:attachment":[{"href":"https:\/\/www.trauer-am-berg.de\/index.php?rest_route=%2Fwp%2Fv2%2Fmedia&parent=141"}],"curies":[{"name":"wp","href":"https:\/\/api.w.org\/{rel}","templated":true}]}}